{"id":1620,"date":"2025-06-16T09:53:19","date_gmt":"2025-06-16T07:53:19","guid":{"rendered":"https:\/\/www.acctua.eu\/acessibilidade\/"},"modified":"2025-06-19T08:38:44","modified_gmt":"2025-06-19T06:38:44","slug":"acessibilidade","status":"publish","type":"page","link":"https:\/\/www.acctua.eu\/pt-br\/acessibilidade\/","title":{"rendered":"Acessibilidade"},"content":{"rendered":"\t\t<div data-elementor-type=\"wp-page\" data-elementor-id=\"1620\" class=\"elementor elementor-1620 elementor-1550\" data-elementor-post-type=\"page\">\n\t\t\t\t<div class=\"elementor-element elementor-element-d25b741 e-flex e-con-boxed e-con e-parent\" data-id=\"d25b741\" data-element_type=\"container\" data-e-type=\"container\">\n\t\t\t\t\t<div class=\"e-con-inner\">\n\t\t\t\t<div class=\"elementor-element elementor-element-0bb1ac0 elementor-widget elementor-widget-text-editor\" data-id=\"0bb1ac0\" data-element_type=\"widget\" data-e-type=\"widget\" data-widget_type=\"text-editor.default\">\n\t\t\t\t<div class=\"elementor-widget-container\">\n\t\t\t\t\t\t\t\t\t<div class=\"post-title-wrapper\">\n<h1 class=\"post-title\">Acessibilidade<\/h1>\n<\/div>\n<p>O site acctua.eu&nbsp;propriedade da Accesit Inclusivo SL compromete-se a garantir que o referido site seja acess\u00edvel de acordo com o Real Decreto 1112\/2018, de 7 de setembro, sobre acessibilidade de sites e aplica\u00e7\u00f5es para dispositivos m\u00f3veis no setor p\u00fablico.<\/p>\n<p>Esta declara\u00e7\u00e3o de acessibilidade se aplica ao site barloventosn.com.<\/p>\n<p><b>STATUS DE CONFORMIDADE<\/b><\/p>\n<p>Este site est\u00e1 parcialmente em conformidade com o Real Decreto 1112\/2018 devido \u00e0s exce\u00e7\u00f5es e incumprimentos dos aspetos indicados no ponto seguinte.<\/p>\n<p><b>CONTE\u00daDO N\u00c3O ACESS\u00cdVEL<\/b><\/p>\n<p>Abaixo est\u00e3o informa\u00e7\u00f5es sobre o conte\u00fado que n\u00e3o \u00e9 acess\u00edvel de acordo com o RD 1112\/2018.<\/p>\n<p>Em alguns Formul\u00e1rios, o Campo de Entrada que coleta Informa\u00e7\u00f5es sobre o Usu\u00e1rio n\u00e3o possui uma finalidade identificada [Requisito N\u00famero 9.1.3.5 da Norma UNE-EN 301549:2021-03 Identifica\u00e7\u00e3o da Finalidade da Entrada].<br>Em algumas p\u00e1ginas, componentes da interface do usu\u00e1rio, como elementos de formul\u00e1rio, links e componentes gerados por script, n\u00e3o seguem a estrutura recomendada pelas diretrizes de acessibilidade [Requisito n\u00famero 9.4.1.2 do padr\u00e3o UNE-EN 301549:2021-03 Nome, fun\u00e7\u00e3o, valor].<br>Ocasionalmente, algumas imagens podem n\u00e3o ser rotuladas ou ter uma alternativa de texto gen\u00e9rica [Requisito N\u00famero 10.1.1.1 da Norma UNE-EN 301549:2021-03 Conte\u00fado n\u00e3o textual].<br>Em algumas p\u00e1ginas, alguns elementos n\u00e3o t\u00eam o foco do teclado [Requisito n\u00famero 9.2.1.1 da norma UNE-EN 301549:2021-03 Teclado].<br>Ocasionalmente, uma troca autom\u00e1tica de contexto pode ocorrer em alguns formul\u00e1rios sem notificar o usu\u00e1rio. [Requisito n\u00ba 9.3.3.2 da Norma UNE-EN 301549:2021-03 R\u00f3tulos e Instru\u00e7\u00f5es]. <br>Conte\u00fado que n\u00e3o se enquadra no \u00e2mbito da legisla\u00e7\u00e3o aplic\u00e1vel:<\/p>\n<p>Pode haver arquivos do Office em PDF ou outros formatos que n\u00e3o atendem totalmente a todos os requisitos de acessibilidade.<\/p>\n<p><b>ELABORA\u00c7\u00c3O DESTA DECLARA\u00c7\u00c3O DE ACESSIBILIDADE<\/b><\/p>\n<p>Esta declara\u00e7\u00e3o foi preparada em 12 de junho de 2025.<\/p>\n<p>O m\u00e9todo utilizado para elaborar a declara\u00e7\u00e3o foi uma autoavalia\u00e7\u00e3o realizada pela empresa desenvolvedora da plataforma web (Grupo On Market S.L).<\/p>\n<p><b>COMENT\u00c1RIOS E INFORMA\u00c7\u00d5ES DE CONTATO<\/b><\/p>\n<p>Voc\u00ea pode fazer comunica\u00e7\u00f5es sobre requisitos de acessibilidade (artigo 10.2.a do RD 1112\/2018), como:<\/p>\n<p>Relate qualquer poss\u00edvel n\u00e3o conformidade com este site.<br>Relate quaisquer outras dificuldades de acesso ao conte\u00fado.<br>Fa\u00e7a outras perguntas ou sugest\u00f5es de melhorias relacionadas \u00e0 acessibilidade do site.<br>Utilize o formul\u00e1rio de contato neste site.<\/p>\n<p>Voc\u00ea pode apresentar:<\/p>\n<p>Reclama\u00e7\u00e3o sobre o cumprimento dos requisitos do RD 1112\/2018 ou<br>Solicita\u00e7\u00e3o de informa\u00e7\u00f5es acess\u00edveis sobre:<br>\u2013 Conte\u00fado exclu\u00eddo do escopo do RD 1112\/2018, conforme estabelecido no artigo 3\u00ba, se\u00e7\u00e3o 4<\/p>\n<p>\u2013 Conte\u00fado que est\u00e1 isento do cumprimento dos requisitos de acessibilidade porque imp\u00f5e uma carga desproporcional.<\/p>\n<p>Na Solicita\u00e7\u00e3o de Informa\u00e7\u00f5es Acess\u00edveis, os fatos, motivos e solicita\u00e7\u00e3o devem ser claramente declarados para demonstrar que \u00e9 uma solicita\u00e7\u00e3o razo\u00e1vel e leg\u00edtima.<\/p>\n<p>Reclama\u00e7\u00f5es e reivindica\u00e7\u00f5es relativas a informa\u00e7\u00f5es acess\u00edveis devem ser enviadas por e-mail, respondendo \u00e0s mensagens recebidas atrav\u00e9s do formul\u00e1rio.<\/p>\n<p><b>CONTE\u00daDO OPCIONAL<\/b><\/p>\n<p>Este portal foi projetado para permitir que voc\u00ea altere o tamanho e a cor do texto, bem como o fundo da p\u00e1gina, usando op\u00e7\u00f5es de configura\u00e7\u00e3o padr\u00e3o do navegador.<\/p>\n<p>Para alterar o tamanho da fonte nos principais navegadores gr\u00e1ficos, use os seguintes menus:<\/p>\n<p>Internet Explorer, Mozilla e Firefox: Exibir &gt; Tamanho do Texto<br>Opera: Exibir &gt; Zoom<br>Safari: Exibir &gt; Aumentar o Texto<br>Chrome: Controlar a P\u00e1gina Atual &gt; Tamanho do Texto<\/p>\n<p>Para alterar o tamanho de tudo na p\u00e1gina:<\/p>\n<p>Ctrl + + para aumentar<br>Ctrl + \u2013 para diminuir<br>Ctrl + 0 restaura o texto ao seu tamanho original<br>Se quiser substituir a folha de estilo ou alterar a cor do texto, consulte a p\u00e1gina da WAI &#8220;Como alterar o tamanho ou as cores do texto&#8221;, que pode ser lida em espanhol em &#8220;Como alterar o tamanho ou as cores do texto?&#8221;.<\/p>\t\t\t\t\t\t\t\t<\/div>\n\t\t\t\t<\/div>\n\t\t\t\t\t<\/div>\n\t\t\t\t<\/div>\n\t\t\t\t<\/div>\n\t\t","protected":false},"excerpt":{"rendered":"<p>Acessibilidade O site acctua.eu&nbsp;propriedade da Accesit Inclusivo SL compromete-se a garantir que o referido site seja acess\u00edvel de acordo com o Real Decreto 1112\/2018, de 7 de setembro, sobre acessibilidade de sites e aplica\u00e7\u00f5es para dispositivos m\u00f3veis no setor p\u00fablico. Esta declara\u00e7\u00e3o de acessibilidade se aplica ao site barloventosn.com. STATUS DE CONFORMIDADE Este site est\u00e1 [&hellip;]<\/p>\n","protected":false},"author":1,"featured_media":0,"parent":0,"menu_order":0,"comment_status":"closed","ping_status":"closed","template":"","meta":{"iawp_total_views":4,"footnotes":""},"class_list":["post-1620","page","type-page","status-publish","hentry"],"yoast_head":"<!-- This site is optimized with the Yoast SEO plugin v27.0 - https:\/\/yoast.com\/product\/yoast-seo-wordpress\/ -->\n<title>Acessibilidade - Accesit Inclusivo<\/title>\n<meta name=\"robots\" content=\"index, follow, max-snippet:-1, max-image-preview:large, max-video-preview:-1\" \/>\n<link rel=\"canonical\" href=\"https:\/\/www.acctua.eu\/pt-br\/acessibilidade\/\" \/>\n<meta property=\"og:locale\" content=\"pt_BR\" \/>\n<meta property=\"og:type\" content=\"article\" \/>\n<meta property=\"og:title\" content=\"Acessibilidade - Accesit Inclusivo\" \/>\n<meta property=\"og:description\" content=\"Acessibilidade O site acctua.eu&nbsp;propriedade da Accesit Inclusivo SL compromete-se a garantir que o referido site seja acess\u00edvel de acordo com o Real Decreto 1112\/2018, de 7 de setembro, sobre acessibilidade de sites e aplica\u00e7\u00f5es para dispositivos m\u00f3veis no setor p\u00fablico. Esta declara\u00e7\u00e3o de acessibilidade se aplica ao site barloventosn.com. STATUS DE CONFORMIDADE Este site est\u00e1 [&hellip;]\" \/>\n<meta property=\"og:url\" content=\"https:\/\/www.acctua.eu\/pt-br\/acessibilidade\/\" \/>\n<meta property=\"og:site_name\" content=\"Accesit Inclusivo\" \/>\n<meta property=\"article:modified_time\" content=\"2025-06-19T06:38:44+00:00\" \/>\n<meta name=\"twitter:card\" content=\"summary_large_image\" \/>\n<meta name=\"twitter:label1\" content=\"Est. tempo de leitura\" \/>\n\t<meta name=\"twitter:data1\" content=\"3 minutos\" \/>\n<script type=\"application\/ld+json\" class=\"yoast-schema-graph\">{\"@context\":\"https:\/\/schema.org\",\"@graph\":[{\"@type\":\"WebPage\",\"@id\":\"https:\/\/www.acctua.eu\/pt-br\/acessibilidade\/\",\"url\":\"https:\/\/www.acctua.eu\/pt-br\/acessibilidade\/\",\"name\":\"Acessibilidade - Accesit Inclusivo\",\"isPartOf\":{\"@id\":\"https:\/\/www.acctua.eu\/pt-br\/#website\"},\"datePublished\":\"2025-06-16T07:53:19+00:00\",\"dateModified\":\"2025-06-19T06:38:44+00:00\",\"breadcrumb\":{\"@id\":\"https:\/\/www.acctua.eu\/pt-br\/acessibilidade\/#breadcrumb\"},\"inLanguage\":\"pt-BR\",\"potentialAction\":[{\"@type\":\"ReadAction\",\"target\":[\"https:\/\/www.acctua.eu\/pt-br\/acessibilidade\/\"]}]},{\"@type\":\"BreadcrumbList\",\"@id\":\"https:\/\/www.acctua.eu\/pt-br\/acessibilidade\/#breadcrumb\",\"itemListElement\":[{\"@type\":\"ListItem\",\"position\":1,\"name\":\"Portada\",\"item\":\"https:\/\/www.acctua.eu\/pt-br\/acctua\/\"},{\"@type\":\"ListItem\",\"position\":2,\"name\":\"Acessibilidade\"}]},{\"@type\":\"WebSite\",\"@id\":\"https:\/\/www.acctua.eu\/pt-br\/#website\",\"url\":\"https:\/\/www.acctua.eu\/pt-br\/\",\"name\":\"Accesit Inclusivo\",\"description\":\"\",\"publisher\":{\"@id\":\"https:\/\/www.acctua.eu\/pt-br\/#organization\"},\"potentialAction\":[{\"@type\":\"SearchAction\",\"target\":{\"@type\":\"EntryPoint\",\"urlTemplate\":\"https:\/\/www.acctua.eu\/pt-br\/?s={search_term_string}\"},\"query-input\":{\"@type\":\"PropertyValueSpecification\",\"valueRequired\":true,\"valueName\":\"search_term_string\"}}],\"inLanguage\":\"pt-BR\"},{\"@type\":\"Organization\",\"@id\":\"https:\/\/www.acctua.eu\/pt-br\/#organization\",\"name\":\"Accesit Inclusivo\",\"url\":\"https:\/\/www.acctua.eu\/pt-br\/\",\"logo\":{\"@type\":\"ImageObject\",\"inLanguage\":\"pt-BR\",\"@id\":\"https:\/\/www.acctua.eu\/pt-br\/#\/schema\/logo\/image\/\",\"url\":\"https:\/\/www.acctua.eu\/wp-content\/uploads\/2025\/04\/logo-acctua.svg\",\"contentUrl\":\"https:\/\/www.acctua.eu\/wp-content\/uploads\/2025\/04\/logo-acctua.svg\",\"width\":551,\"height\":161,\"caption\":\"Accesit Inclusivo\"},\"image\":{\"@id\":\"https:\/\/www.acctua.eu\/pt-br\/#\/schema\/logo\/image\/\"}}]}<\/script>\n<!-- \/ Yoast SEO plugin. -->","yoast_head_json":{"title":"Acessibilidade - Accesit Inclusivo","robots":{"index":"index","follow":"follow","max-snippet":"max-snippet:-1","max-image-preview":"max-image-preview:large","max-video-preview":"max-video-preview:-1"},"canonical":"https:\/\/www.acctua.eu\/pt-br\/acessibilidade\/","og_locale":"pt_BR","og_type":"article","og_title":"Acessibilidade - Accesit Inclusivo","og_description":"Acessibilidade O site acctua.eu&nbsp;propriedade da Accesit Inclusivo SL compromete-se a garantir que o referido site seja acess\u00edvel de acordo com o Real Decreto 1112\/2018, de 7 de setembro, sobre acessibilidade de sites e aplica\u00e7\u00f5es para dispositivos m\u00f3veis no setor p\u00fablico. Esta declara\u00e7\u00e3o de acessibilidade se aplica ao site barloventosn.com. STATUS DE CONFORMIDADE Este site est\u00e1 [&hellip;]","og_url":"https:\/\/www.acctua.eu\/pt-br\/acessibilidade\/","og_site_name":"Accesit Inclusivo","article_modified_time":"2025-06-19T06:38:44+00:00","twitter_card":"summary_large_image","twitter_misc":{"Est. tempo de leitura":"3 minutos"},"schema":{"@context":"https:\/\/schema.org","@graph":[{"@type":"WebPage","@id":"https:\/\/www.acctua.eu\/pt-br\/acessibilidade\/","url":"https:\/\/www.acctua.eu\/pt-br\/acessibilidade\/","name":"Acessibilidade - Accesit Inclusivo","isPartOf":{"@id":"https:\/\/www.acctua.eu\/pt-br\/#website"},"datePublished":"2025-06-16T07:53:19+00:00","dateModified":"2025-06-19T06:38:44+00:00","breadcrumb":{"@id":"https:\/\/www.acctua.eu\/pt-br\/acessibilidade\/#breadcrumb"},"inLanguage":"pt-BR","potentialAction":[{"@type":"ReadAction","target":["https:\/\/www.acctua.eu\/pt-br\/acessibilidade\/"]}]},{"@type":"BreadcrumbList","@id":"https:\/\/www.acctua.eu\/pt-br\/acessibilidade\/#breadcrumb","itemListElement":[{"@type":"ListItem","position":1,"name":"Portada","item":"https:\/\/www.acctua.eu\/pt-br\/acctua\/"},{"@type":"ListItem","position":2,"name":"Acessibilidade"}]},{"@type":"WebSite","@id":"https:\/\/www.acctua.eu\/pt-br\/#website","url":"https:\/\/www.acctua.eu\/pt-br\/","name":"Accesit Inclusivo","description":"","publisher":{"@id":"https:\/\/www.acctua.eu\/pt-br\/#organization"},"potentialAction":[{"@type":"SearchAction","target":{"@type":"EntryPoint","urlTemplate":"https:\/\/www.acctua.eu\/pt-br\/?s={search_term_string}"},"query-input":{"@type":"PropertyValueSpecification","valueRequired":true,"valueName":"search_term_string"}}],"inLanguage":"pt-BR"},{"@type":"Organization","@id":"https:\/\/www.acctua.eu\/pt-br\/#organization","name":"Accesit Inclusivo","url":"https:\/\/www.acctua.eu\/pt-br\/","logo":{"@type":"ImageObject","inLanguage":"pt-BR","@id":"https:\/\/www.acctua.eu\/pt-br\/#\/schema\/logo\/image\/","url":"https:\/\/www.acctua.eu\/wp-content\/uploads\/2025\/04\/logo-acctua.svg","contentUrl":"https:\/\/www.acctua.eu\/wp-content\/uploads\/2025\/04\/logo-acctua.svg","width":551,"height":161,"caption":"Accesit Inclusivo"},"image":{"@id":"https:\/\/www.acctua.eu\/pt-br\/#\/schema\/logo\/image\/"}}]}},"_links":{"self":[{"href":"https:\/\/www.acctua.eu\/pt-br\/wp-json\/wp\/v2\/pages\/1620","targetHints":{"allow":["GET"]}}],"collection":[{"href":"https:\/\/www.acctua.eu\/pt-br\/wp-json\/wp\/v2\/pages"}],"about":[{"href":"https:\/\/www.acctua.eu\/pt-br\/wp-json\/wp\/v2\/types\/page"}],"author":[{"embeddable":true,"href":"https:\/\/www.acctua.eu\/pt-br\/wp-json\/wp\/v2\/users\/1"}],"replies":[{"embeddable":true,"href":"https:\/\/www.acctua.eu\/pt-br\/wp-json\/wp\/v2\/comments?post=1620"}],"version-history":[{"count":1,"href":"https:\/\/www.acctua.eu\/pt-br\/wp-json\/wp\/v2\/pages\/1620\/revisions"}],"predecessor-version":[{"id":1621,"href":"https:\/\/www.acctua.eu\/pt-br\/wp-json\/wp\/v2\/pages\/1620\/revisions\/1621"}],"wp:attachment":[{"href":"https:\/\/www.acctua.eu\/pt-br\/wp-json\/wp\/v2\/media?parent=1620"}],"curies":[{"name":"wp","href":"https:\/\/api.w.org\/{rel}","templated":true}]}}